{"id":4324,"date":"2021-05-27T15:33:55","date_gmt":"2021-05-27T13:33:55","guid":{"rendered":"https:\/\/centrolarrinaga.com\/proiektuak\/go-international\/"},"modified":"2023-03-29T12:27:08","modified_gmt":"2023-03-29T10:27:08","slug":"go-international","status":"publish","type":"page","link":"https:\/\/centrolarrinaga.com\/eu\/proiektuak\/go-international\/","title":{"rendered":"Go International"},"content":{"rendered":"<p><div class=\"fusion-fullwidth fullwidth-box fusion-builder-row-1 fusion-flex-container fusion-parallax-none nonhundred-percent-fullwidth non-hundred-percent-height-scrolling\" style=\"--awb-border-sizes-top:0px;--awb-border-sizes-bottom:0px;--awb-border-sizes-left:0px;--awb-border-sizes-right:0px;--awb-border-radius-top-left:0px;--awb-border-radius-top-right:0px;--awb-border-radius-bottom-right:0px;--awb-border-radius-bottom-left:0px;--awb-padding-top:90px;--awb-padding-bottom:90px;--awb-padding-top-medium:50px;--awb-padding-bottom-medium:40px;--awb-padding-top-small:30px;--awb-padding-bottom-small:30px;--awb-background-image:url(&quot;http:\/\/centrolarrinaga.com\/wp-content\/uploads\/2021\/05\/go-international.jpg&quot;);--awb-background-size:cover;--awb-flex-wrap:wrap;\" ><div class=\"fusion-builder-row fusion-row fusion-flex-align-items-flex-start fusion-flex-content-wrap\" style=\"max-width:calc( 1170px + 30px );margin-left: calc(-30px \/ 2 );margin-right: calc(-30px \/ 2 );\"><div class=\"fusion-layout-column fusion_builder_column fusion-builder-column-0 fusion_builder_column_1_2 1_2 fusion-flex-column fusion-flex-align-self-flex-start fusion-column-no-min-height\" style=\"--awb-padding-bottom-small:2%;--awb-bg-size:cover;--awb-width-large:50%;--awb-margin-top-large:0px;--awb-spacing-right-large:calc( 0.04 * calc( 100% - 30px ) );--awb-margin-bottom-large:0px;--awb-spacing-left-large:15px;--awb-width-medium:100%;--awb-order-medium:0;--awb-spacing-right-medium:15px;--awb-spacing-left-medium:15px;--awb-width-small:100%;--awb-order-small:0;--awb-spacing-right-small:15px;--awb-spacing-left-small:15px;\"><div class=\"fusion-column-wrapper fusion-column-has-shadow fusion-flex-justify-content-flex-start fusion-content-layout-column\"><div class=\"fusion-separator fusion-no-small-visibility fusion-no-medium-visibility fusion-full-width-sep\" style=\"align-self: center;margin-left: auto;margin-right: auto;margin-bottom:15%;width:100%;\"><\/div><div class=\"fusion-title title fusion-title-1 fusion-title-text fusion-title-size-one\" style=\"--awb-margin-top-small:0px;--awb-margin-right-small:0px;--awb-margin-bottom-small:20px;--awb-margin-left-small:0px;--awb-font-size:2em;\"><div class=\"title-sep-container title-sep-container-left fusion-no-large-visibility fusion-no-medium-visibility fusion-no-small-visibility\"><div class=\"title-sep sep- sep-solid\" style=\"border-color:rgba(255,255,255,.2);\"><\/div><\/div><span class=\"awb-title-spacer fusion-no-large-visibility fusion-no-medium-visibility fusion-no-small-visibility\"><\/span><h1 class=\"fusion-title-heading title-heading-left fusion-responsive-typography-calculated\" style=\"margin:0;font-size:1em;--fontSize:32;line-height:1.20;\">Go<br \/>\n<strong>International<\/strong><\/h1><span class=\"awb-title-spacer\"><\/span><div class=\"title-sep-container title-sep-container-right\"><div class=\"title-sep sep- sep-solid\" style=\"border-color:rgba(255,255,255,.2);\"><\/div><\/div><\/div><div class=\"fusion-separator fusion-no-small-visibility fusion-no-medium-visibility fusion-full-width-sep\" style=\"align-self: center;margin-left: auto;margin-right: auto;margin-bottom:40px;width:100%;\"><\/div><\/div><\/div><div class=\"fusion-layout-column fusion_builder_column fusion-builder-column-1 fusion_builder_column_1_2 1_2 fusion-flex-column\" style=\"--awb-bg-size:cover;--awb-width-large:50%;--awb-margin-top-large:0px;--awb-spacing-right-large:15px;--awb-margin-bottom-large:20px;--awb-spacing-left-large:calc( 0.04 * calc( 100% - 30px ) );--awb-width-medium:100%;--awb-order-medium:0;--awb-spacing-right-medium:15px;--awb-spacing-left-medium:15px;--awb-width-small:100%;--awb-order-small:0;--awb-spacing-right-small:15px;--awb-spacing-left-small:15px;\"><div class=\"fusion-column-wrapper fusion-column-has-shadow fusion-flex-justify-content-flex-start fusion-content-layout-column\"><\/div><\/div><div class=\"fusion-layout-column fusion_builder_column fusion-builder-column-2 fusion_builder_column_3_5 3_5 fusion-flex-column\" style=\"--awb-bg-size:cover;--awb-width-large:60%;--awb-margin-top-large:0px;--awb-spacing-right-large:15px;--awb-margin-bottom-large:20px;--awb-spacing-left-large:15px;--awb-width-medium:100%;--awb-order-medium:0;--awb-spacing-right-medium:15px;--awb-spacing-left-medium:15px;--awb-width-small:100%;--awb-order-small:0;--awb-spacing-right-small:15px;--awb-spacing-left-small:15px;\"><div class=\"fusion-column-wrapper fusion-column-has-shadow fusion-flex-justify-content-flex-start fusion-content-layout-column\"><div class=\"fusion-text fusion-text-1\" style=\"--awb-text-transform:none;\"><p>1999tik <strong>Hnos. Larrinaga<\/strong> nazioarteko ikuspegia duen prestakuntzaren aldeko apustua egiten hasi zen. Gero eta globalizatuagoa eta interkonektatuagoa dagoen gizarte honetan, funtsezkoa da hasiera-hasieratik ikuspegi zabala izatea.<\/p>\n<\/div><\/div><\/div><\/div><\/div><div class=\"fusion-fullwidth fullwidth-box fusion-builder-row-2 fusion-flex-container nonhundred-percent-fullwidth non-hundred-percent-height-scrolling\" style=\"--awb-border-radius-top-left:0px;--awb-border-radius-top-right:0px;--awb-border-radius-bottom-right:0px;--awb-border-radius-bottom-left:0px;--awb-padding-top:5%;--awb-padding-bottom:3%;--awb-padding-bottom-small:0px;--awb-background-color:#ffffff;--awb-flex-wrap:wrap;\" ><div class=\"fusion-builder-row fusion-row fusion-flex-align-items-flex-start fusion-flex-content-wrap\" style=\"max-width:1216.8px;margin-left: calc(-4% \/ 2 );margin-right: calc(-4% \/ 2 );\"><div class=\"fusion-layout-column fusion_builder_column fusion-builder-column-3 fusion_builder_column_1_1 1_1 fusion-flex-column\" style=\"--awb-bg-size:cover;--awb-width-large:100%;--awb-margin-top-large:0px;--awb-spacing-right-large:1.92%;--awb-margin-bottom-large:20px;--awb-spacing-left-large:1.92%;--awb-width-medium:100%;--awb-order-medium:0;--awb-spacing-right-medium:1.92%;--awb-spacing-left-medium:1.92%;--awb-width-small:100%;--awb-order-small:0;--awb-spacing-right-small:1.92%;--awb-spacing-left-small:1.92%;\"><div class=\"fusion-column-wrapper fusion-column-has-shadow fusion-flex-justify-content-flex-start fusion-content-layout-column\"><div class=\"fusion-title title fusion-title-2 fusion-title-center fusion-title-text fusion-title-size-three\" style=\"--awb-text-color:#000000;--awb-margin-top-small:0px;--awb-margin-right-small:0px;--awb-margin-bottom-small:20px;--awb-margin-left-small:0px;--awb-font-size:1.5em;\"><div class=\"title-sep-container title-sep-container-left\"><div class=\"title-sep sep- sep-solid\" style=\"border-color:rgba(255,255,255,.2);\"><\/div><\/div><span class=\"awb-title-spacer\"><\/span><h3 class=\"fusion-title-heading title-heading-center fusion-responsive-typography-calculated\" style=\"margin:0;font-size:1em;--fontSize:24;line-height:1.13;\">&#8220;Go International!&#8221; proiektuak etengabe txertatzen du prestakuntzan nazioarteko ikuspegi horrek, hainbat mailatan sakontzen du:<\/h3><span class=\"awb-title-spacer\"><\/span><div class=\"title-sep-container title-sep-container-right\"><div class=\"title-sep sep- sep-solid\" style=\"border-color:rgba(255,255,255,.2);\"><\/div><\/div><\/div><\/div><\/div><\/div><\/div><div class=\"fusion-fullwidth fullwidth-box fusion-builder-row-3 fusion-flex-container hundred-percent-fullwidth non-hundred-percent-height-scrolling\" style=\"--awb-border-radius-top-left:0px;--awb-border-radius-top-right:0px;--awb-border-radius-bottom-right:0px;--awb-border-radius-bottom-left:0px;--awb-padding-top:0px;--awb-padding-right:0px;--awb-padding-bottom:0px;--awb-padding-left:0px;--awb-background-color:#ffffff;--awb-flex-wrap:wrap;\" ><div class=\"fusion-builder-row fusion-row fusion-flex-align-items-stretch fusion-flex-content-wrap\" style=\"width:calc( 100% + 0px ) !important;max-width:calc( 100% + 0px ) !important;margin-left: calc(-0px \/ 2 );margin-right: calc(-0px \/ 2 );\"><div class=\"fusion-layout-column fusion_builder_column fusion-builder-column-4 fusion_builder_column_1_2 1_2 fusion-flex-column\" style=\"--awb-padding-top:8%;--awb-padding-right:10%;--awb-padding-bottom:8%;--awb-padding-left:10%;--awb-padding-top-medium:0px;--awb-padding-top-small:0px;--awb-bg-size:cover;--awb-width-large:50%;--awb-margin-top-large:0px;--awb-spacing-right-large:0px;--awb-margin-bottom-large:20px;--awb-spacing-left-large:0px;--awb-width-medium:100%;--awb-order-medium:0;--awb-margin-top-medium:0px;--awb-spacing-right-medium:0px;--awb-spacing-left-medium:0px;--awb-width-small:100%;--awb-order-small:0;--awb-margin-top-small:0px;--awb-spacing-right-small:0px;--awb-spacing-left-small:0px;\"><div class=\"fusion-column-wrapper fusion-column-has-shadow fusion-flex-justify-content-flex-start fusion-content-layout-column\"><div class=\"fusion-text fusion-text-2\" style=\"--awb-content-alignment:left;--awb-text-transform:none;--awb-text-color:#000000;\"><ul>\n<li><strong>HL Nazioarteko Astea: <\/strong>2011tik, urtero, HLko ikasleek osatutako talde batek tailer eta jarduera soziokulturaletan parte hartzen du, Japonia edo Ingalaterra bezalako eremuetako ikasleekin batera. Aste hauek Bilbon eta Sheffielden (Ingalaterra) egiten dira, non HL taldeak bidaia egiten duen ezagutza espezifikoaren trukea eta murgiltze kulturala konbinatzeko.<\/li>\n<li><strong>Erasmus+ mugikortasunak:\u00a0<\/strong>1999az geroztik, <strong>Hnos. Larrinaga<\/strong>ko ikasleek praktikak egin dituzte Italia, Ingalaterra edo Portugalgo enpresetan, beren prestakuntzaren barruan, hainbat partzuergok eta Europar Batasunak sustatutako Erasmus+ programaren barruan.<\/li>\n<\/ul>\n<\/div><\/div><\/div><div class=\"fusion-layout-column fusion_builder_column fusion-builder-column-5 fusion_builder_column_1_2 1_2 fusion-flex-column\" style=\"--awb-bg-image:url(&#039;http:\/\/centrolarrinaga.com\/wp-content\/uploads\/2021\/06\/go-international4.jpg&#039;);--awb-bg-position:center center;--awb-bg-size:cover;--awb-width-large:50%;--awb-margin-top-large:0px;--awb-spacing-right-large:0px;--awb-margin-bottom-large:0px;--awb-spacing-left-large:0px;--awb-width-medium:100%;--awb-order-medium:0;--awb-spacing-right-medium:0px;--awb-spacing-left-medium:0px;--awb-width-small:100%;--awb-order-small:0;--awb-spacing-right-small:0px;--awb-spacing-left-small:0px;\"><div class=\"fusion-column-wrapper fusion-column-has-shadow fusion-flex-justify-content-flex-start fusion-content-layout-column fusion-column-has-bg-image\" data-bg-url=\"http:\/\/centrolarrinaga.com\/wp-content\/uploads\/2021\/06\/go-international4.jpg\"><div class=\"fusion-separator fusion-full-width-sep\" style=\"align-self: center;margin-left: auto;margin-right: auto;margin-top:500px;width:100%;\"><\/div><\/div><\/div><\/div><\/div><div class=\"fusion-fullwidth fullwidth-box fusion-builder-row-4 fusion-flex-container hundred-percent-fullwidth non-hundred-percent-height-scrolling\" style=\"--awb-border-radius-top-left:0px;--awb-border-radius-top-right:0px;--awb-border-radius-bottom-right:0px;--awb-border-radius-bottom-left:0px;--awb-padding-top:0px;--awb-padding-right:0px;--awb-padding-bottom:0px;--awb-padding-left:0px;--awb-background-color:#ffffff;--awb-flex-wrap:wrap;\" ><div class=\"fusion-builder-row fusion-row fusion-flex-align-items-stretch fusion-flex-content-wrap\" style=\"width:calc( 100% + 0px ) !important;max-width:calc( 100% + 0px ) !important;margin-left: calc(-0px \/ 2 );margin-right: calc(-0px \/ 2 );\"><div class=\"fusion-layout-column fusion_builder_column fusion-builder-column-6 fusion_builder_column_1_2 1_2 fusion-flex-column\" style=\"--awb-bg-image:url(&#039;http:\/\/centrolarrinaga.com\/wp-content\/uploads\/2021\/05\/go-international2.jpg&#039;);--awb-bg-position:center center;--awb-bg-size:cover;--awb-width-large:50%;--awb-margin-top-large:0px;--awb-spacing-right-large:0px;--awb-margin-bottom-large:0px;--awb-spacing-left-large:0px;--awb-width-medium:100%;--awb-order-medium:0;--awb-spacing-right-medium:0px;--awb-spacing-left-medium:0px;--awb-width-small:100%;--awb-order-small:0;--awb-spacing-right-small:0px;--awb-spacing-left-small:0px;\"><div class=\"fusion-column-wrapper fusion-column-has-shadow fusion-flex-justify-content-flex-start fusion-content-layout-column fusion-column-has-bg-image\" data-bg-url=\"http:\/\/centrolarrinaga.com\/wp-content\/uploads\/2021\/05\/go-international2.jpg\"><div class=\"fusion-separator fusion-full-width-sep\" style=\"align-self: center;margin-left: auto;margin-right: auto;margin-top:350px;width:100%;\"><\/div><\/div><\/div><div class=\"fusion-layout-column fusion_builder_column fusion-builder-column-7 fusion_builder_column_1_2 1_2 fusion-flex-column\" style=\"--awb-padding-top:12%;--awb-padding-right:10%;--awb-padding-bottom:10%;--awb-padding-left:10%;--awb-padding-top-medium:5%;--awb-padding-bottom-medium:5%;--awb-padding-top-small:0px;--awb-bg-size:cover;--awb-width-large:50%;--awb-margin-top-large:0px;--awb-spacing-right-large:0px;--awb-margin-bottom-large:20px;--awb-spacing-left-large:0px;--awb-width-medium:100%;--awb-order-medium:0;--awb-spacing-right-medium:0px;--awb-spacing-left-medium:0px;--awb-width-small:100%;--awb-order-small:0;--awb-margin-top-small:0px;--awb-spacing-right-small:0px;--awb-spacing-left-small:0px;\"><div class=\"fusion-column-wrapper fusion-column-has-shadow fusion-flex-justify-content-flex-start fusion-content-layout-column\"><div class=\"fusion-text fusion-text-3\" style=\"--awb-content-alignment:left;--awb-text-transform:none;--awb-text-color:#000000;\"><ul>\n<li>Bestalde, ikastetxeko irakasleek ere parte hartzen dute <strong>Europako mugikortasunetan (K01),<\/strong> eta jardunbide egokiak partekatzen dituzte Esloveniako, Hungariako, Ingalaterrako, Italiako eta Japoniako zentroekin eta enpresekin; edo, are gehiago, Holandako, Bulgariako edo Ingalaterrako profesionalak hartzen dituzte Bilbon, ikastetxeko prestakuntza-proiektua hobetzeko eta aberasteko.<\/li>\n<li><strong>Nazioarteko kulialifikazioa:<\/strong>\u00a0Nazioarteko esparru horren barruan, gure ikasleei nazioarteko aintzatespena ematea sartzen da, ITEC organismak ziurtatua, eta Hnos Larrinagak nazioartean aintzatetsitako NVQetan prestatzeko aukera eskaintzen du. Kualifikazio horri esker, ikasleek lan-irteerak izan ditzakete nazioartean, hala nola Steiner gurutze-ontziak edo beste kontinente batzuetan dauden hainbat edertasun-areto.<\/li>\n<\/ul>\n<\/div><\/div><\/div><\/div><\/div><div class=\"fusion-fullwidth fullwidth-box fusion-builder-row-5 fusion-flex-container nonhundred-percent-fullwidth non-hundred-percent-height-scrolling\" style=\"--awb-border-radius-top-left:0px;--awb-border-radius-top-right:0px;--awb-border-radius-bottom-right:0px;--awb-border-radius-bottom-left:0px;--awb-padding-top:5%;--awb-padding-bottom:5%;--awb-background-color:#000000;--awb-flex-wrap:wrap;\" ><div class=\"fusion-builder-row fusion-row fusion-flex-align-items-flex-start fusion-flex-content-wrap\" style=\"max-width:1216.8px;margin-left: calc(-4% \/ 2 );margin-right: calc(-4% \/ 2 );\"><div class=\"fusion-layout-column fusion_builder_column fusion-builder-column-8 fusion_builder_column_1_1 1_1 fusion-flex-column\" style=\"--awb-bg-size:cover;--awb-width-large:100%;--awb-margin-top-large:0px;--awb-spacing-right-large:1.92%;--awb-margin-bottom-large:20px;--awb-spacing-left-large:1.92%;--awb-width-medium:100%;--awb-order-medium:0;--awb-spacing-right-medium:1.92%;--awb-spacing-left-medium:1.92%;--awb-width-small:100%;--awb-order-small:0;--awb-spacing-right-small:1.92%;--awb-spacing-left-small:1.92%;\"><div class=\"fusion-column-wrapper fusion-column-has-shadow fusion-flex-justify-content-flex-start fusion-content-layout-column\"><div class=\"fusion-video fusion-vimeo\" style=\"--awb-max-width:800px;--awb-max-height:449px;--awb-align-self:center;--awb-width:100%;\"><div class=\"video-shortcode\"><div class=\"fluid-width-video-wrapper\" style=\"padding-top:56.13%;\" ><iframe title=\"Vimeo video player 1\" src=\"https:\/\/player.vimeo.com\/video\/76883580?autoplay=0&amp;autopause=0\" width=\"800\" height=\"449\" allowfullscreen allow=\"autoplay; fullscreen\"><\/iframe><\/div><\/div><\/div><\/div><\/div><\/div><\/div><\/p>\n","protected":false},"excerpt":{"rendered":"","protected":false},"author":1,"featured_media":3630,"parent":4296,"menu_order":3,"comment_status":"closed","ping_status":"closed","template":"100-width.php","meta":{"footnotes":""},"class_list":["post-4324","page","type-page","status-publish","has-post-thumbnail","hentry"],"yoast_head":"<!-- This site is optimized with the Yoast SEO plugin v28.3 - https:\/\/yoast.com\/product\/yoast-seo-wordpress\/ -->\n<title>Go International - Centro de Peluquer\u00eda y Est\u00e9tica Hnos. Larrinaga<\/title>\n<meta name=\"description\" content=\"HL. Go INTERNATIONAL Proiektua. 1999tik Hnos. Larrinaga nazioarteko ikuspegia duen prestakuntzaren aldeko apustua egiten hasi zen.\" \/>\n<meta name=\"robots\" content=\"index, follow, max-snippet:-1, max-image-preview:large, max-video-preview:-1\" \/>\n<link rel=\"canonical\" href=\"https:\/\/centrolarrinaga.com\/eu\/proiektuak\/go-international\/\" \/>\n<meta property=\"og:locale\" content=\"eu_ES\" \/>\n<meta property=\"og:type\" content=\"article\" \/>\n<meta property=\"og:title\" content=\"Go International - Centro de Peluquer\u00eda y Est\u00e9tica Hnos. Larrinaga\" \/>\n<meta property=\"og:description\" content=\"HL. Go INTERNATIONAL Proiektua. 1999tik Hnos. Larrinaga nazioarteko ikuspegia duen prestakuntzaren aldeko apustua egiten hasi zen.\" \/>\n<meta property=\"og:url\" content=\"https:\/\/centrolarrinaga.com\/eu\/proiektuak\/go-international\/\" \/>\n<meta property=\"og:site_name\" content=\"Centro de Peluquer\u00eda y Est\u00e9tica Hnos. Larrinaga\" \/>\n<meta property=\"article:modified_time\" content=\"2023-03-29T10:27:08+00:00\" \/>\n<meta property=\"og:image\" content=\"https:\/\/centrolarrinaga.com\/wp-content\/uploads\/2021\/06\/go-international4.jpg\" \/>\n\t<meta property=\"og:image:width\" content=\"1000\" \/>\n\t<meta property=\"og:image:height\" content=\"750\" \/>\n\t<meta property=\"og:image:type\" content=\"image\/jpeg\" \/>\n<meta name=\"twitter:card\" content=\"summary_large_image\" \/>\n<meta name=\"twitter:label1\" content=\"Est. reading time\" \/>\n\t<meta name=\"twitter:data1\" content=\"9 minutes\" \/>\n<script type=\"application\/ld+json\" class=\"yoast-schema-graph\">{\"@context\":\"https:\\\/\\\/schema.org\",\"@graph\":[{\"@type\":\"WebPage\",\"@id\":\"https:\\\/\\\/centrolarrinaga.com\\\/eu\\\/proiektuak\\\/go-international\\\/\",\"url\":\"https:\\\/\\\/centrolarrinaga.com\\\/eu\\\/proiektuak\\\/go-international\\\/\",\"name\":\"Go International - Centro de Peluquer\u00eda y Est\u00e9tica Hnos. Larrinaga\",\"isPartOf\":{\"@id\":\"https:\\\/\\\/centrolarrinaga.com\\\/#website\"},\"primaryImageOfPage\":{\"@id\":\"https:\\\/\\\/centrolarrinaga.com\\\/eu\\\/proiektuak\\\/go-international\\\/#primaryimage\"},\"image\":{\"@id\":\"https:\\\/\\\/centrolarrinaga.com\\\/eu\\\/proiektuak\\\/go-international\\\/#primaryimage\"},\"thumbnailUrl\":\"https:\\\/\\\/centrolarrinaga.com\\\/wp-content\\\/uploads\\\/2021\\\/06\\\/go-international4.jpg\",\"datePublished\":\"2021-05-27T13:33:55+00:00\",\"dateModified\":\"2023-03-29T10:27:08+00:00\",\"description\":\"HL. Go INTERNATIONAL Proiektua. 1999tik Hnos. Larrinaga nazioarteko ikuspegia duen prestakuntzaren aldeko apustua egiten hasi zen.\",\"breadcrumb\":{\"@id\":\"https:\\\/\\\/centrolarrinaga.com\\\/eu\\\/proiektuak\\\/go-international\\\/#breadcrumb\"},\"inLanguage\":\"eu-ES\",\"potentialAction\":[{\"@type\":\"ReadAction\",\"target\":[\"https:\\\/\\\/centrolarrinaga.com\\\/eu\\\/proiektuak\\\/go-international\\\/\"]}]},{\"@type\":\"ImageObject\",\"inLanguage\":\"eu-ES\",\"@id\":\"https:\\\/\\\/centrolarrinaga.com\\\/eu\\\/proiektuak\\\/go-international\\\/#primaryimage\",\"url\":\"https:\\\/\\\/centrolarrinaga.com\\\/wp-content\\\/uploads\\\/2021\\\/06\\\/go-international4.jpg\",\"contentUrl\":\"https:\\\/\\\/centrolarrinaga.com\\\/wp-content\\\/uploads\\\/2021\\\/06\\\/go-international4.jpg\",\"width\":1000,\"height\":750,\"caption\":\"GO International\"},{\"@type\":\"BreadcrumbList\",\"@id\":\"https:\\\/\\\/centrolarrinaga.com\\\/eu\\\/proiektuak\\\/go-international\\\/#breadcrumb\",\"itemListElement\":[{\"@type\":\"ListItem\",\"position\":1,\"name\":\"Portada\",\"item\":\"https:\\\/\\\/centrolarrinaga.com\\\/eu\\\/\"},{\"@type\":\"ListItem\",\"position\":2,\"name\":\"HL Proiektuak\",\"item\":\"https:\\\/\\\/centrolarrinaga.com\\\/eu\\\/proiektuak\\\/\"},{\"@type\":\"ListItem\",\"position\":3,\"name\":\"Go International\"}]},{\"@type\":\"WebSite\",\"@id\":\"https:\\\/\\\/centrolarrinaga.com\\\/#website\",\"url\":\"https:\\\/\\\/centrolarrinaga.com\\\/\",\"name\":\"Centro de Peluquer\u00eda y Est\u00e9tica Hnos. Larrinaga\",\"description\":\"Cursos de peluquer\u00eda y est\u00e9tica en Bilbao\",\"potentialAction\":[{\"@type\":\"SearchAction\",\"target\":{\"@type\":\"EntryPoint\",\"urlTemplate\":\"https:\\\/\\\/centrolarrinaga.com\\\/?s={search_term_string}\"},\"query-input\":{\"@type\":\"PropertyValueSpecification\",\"valueRequired\":true,\"valueName\":\"search_term_string\"}}],\"inLanguage\":\"eu-ES\"}]}<\/script>\n<!-- \/ Yoast SEO plugin. -->","yoast_head_json":{"title":"Go International - Centro de Peluquer\u00eda y Est\u00e9tica Hnos. Larrinaga","description":"HL. Go INTERNATIONAL Proiektua. 1999tik Hnos. Larrinaga nazioarteko ikuspegia duen prestakuntzaren aldeko apustua egiten hasi zen.","robots":{"index":"index","follow":"follow","max-snippet":"max-snippet:-1","max-image-preview":"max-image-preview:large","max-video-preview":"max-video-preview:-1"},"canonical":"https:\/\/centrolarrinaga.com\/eu\/proiektuak\/go-international\/","og_locale":"eu_ES","og_type":"article","og_title":"Go International - Centro de Peluquer\u00eda y Est\u00e9tica Hnos. Larrinaga","og_description":"HL. Go INTERNATIONAL Proiektua. 1999tik Hnos. Larrinaga nazioarteko ikuspegia duen prestakuntzaren aldeko apustua egiten hasi zen.","og_url":"https:\/\/centrolarrinaga.com\/eu\/proiektuak\/go-international\/","og_site_name":"Centro de Peluquer\u00eda y Est\u00e9tica Hnos. Larrinaga","article_modified_time":"2023-03-29T10:27:08+00:00","og_image":[{"width":1000,"height":750,"url":"https:\/\/centrolarrinaga.com\/wp-content\/uploads\/2021\/06\/go-international4.jpg","type":"image\/jpeg"}],"twitter_card":"summary_large_image","twitter_misc":{"Est. reading time":"9 minutes"},"schema":{"@context":"https:\/\/schema.org","@graph":[{"@type":"WebPage","@id":"https:\/\/centrolarrinaga.com\/eu\/proiektuak\/go-international\/","url":"https:\/\/centrolarrinaga.com\/eu\/proiektuak\/go-international\/","name":"Go International - Centro de Peluquer\u00eda y Est\u00e9tica Hnos. Larrinaga","isPartOf":{"@id":"https:\/\/centrolarrinaga.com\/#website"},"primaryImageOfPage":{"@id":"https:\/\/centrolarrinaga.com\/eu\/proiektuak\/go-international\/#primaryimage"},"image":{"@id":"https:\/\/centrolarrinaga.com\/eu\/proiektuak\/go-international\/#primaryimage"},"thumbnailUrl":"https:\/\/centrolarrinaga.com\/wp-content\/uploads\/2021\/06\/go-international4.jpg","datePublished":"2021-05-27T13:33:55+00:00","dateModified":"2023-03-29T10:27:08+00:00","description":"HL. Go INTERNATIONAL Proiektua. 1999tik Hnos. Larrinaga nazioarteko ikuspegia duen prestakuntzaren aldeko apustua egiten hasi zen.","breadcrumb":{"@id":"https:\/\/centrolarrinaga.com\/eu\/proiektuak\/go-international\/#breadcrumb"},"inLanguage":"eu-ES","potentialAction":[{"@type":"ReadAction","target":["https:\/\/centrolarrinaga.com\/eu\/proiektuak\/go-international\/"]}]},{"@type":"ImageObject","inLanguage":"eu-ES","@id":"https:\/\/centrolarrinaga.com\/eu\/proiektuak\/go-international\/#primaryimage","url":"https:\/\/centrolarrinaga.com\/wp-content\/uploads\/2021\/06\/go-international4.jpg","contentUrl":"https:\/\/centrolarrinaga.com\/wp-content\/uploads\/2021\/06\/go-international4.jpg","width":1000,"height":750,"caption":"GO International"},{"@type":"BreadcrumbList","@id":"https:\/\/centrolarrinaga.com\/eu\/proiektuak\/go-international\/#breadcrumb","itemListElement":[{"@type":"ListItem","position":1,"name":"Portada","item":"https:\/\/centrolarrinaga.com\/eu\/"},{"@type":"ListItem","position":2,"name":"HL Proiektuak","item":"https:\/\/centrolarrinaga.com\/eu\/proiektuak\/"},{"@type":"ListItem","position":3,"name":"Go International"}]},{"@type":"WebSite","@id":"https:\/\/centrolarrinaga.com\/#website","url":"https:\/\/centrolarrinaga.com\/","name":"Centro de Peluquer\u00eda y Est\u00e9tica Hnos. Larrinaga","description":"Cursos de peluquer\u00eda y est\u00e9tica en Bilbao","potentialAction":[{"@type":"SearchAction","target":{"@type":"EntryPoint","urlTemplate":"https:\/\/centrolarrinaga.com\/?s={search_term_string}"},"query-input":{"@type":"PropertyValueSpecification","valueRequired":true,"valueName":"search_term_string"}}],"inLanguage":"eu-ES"}]}},"_links":{"self":[{"href":"https:\/\/centrolarrinaga.com\/eu\/wp-json\/wp\/v2\/pages\/4324","targetHints":{"allow":["GET"]}}],"collection":[{"href":"https:\/\/centrolarrinaga.com\/eu\/wp-json\/wp\/v2\/pages"}],"about":[{"href":"https:\/\/centrolarrinaga.com\/eu\/wp-json\/wp\/v2\/types\/page"}],"author":[{"embeddable":true,"href":"https:\/\/centrolarrinaga.com\/eu\/wp-json\/wp\/v2\/users\/1"}],"replies":[{"embeddable":true,"href":"https:\/\/centrolarrinaga.com\/eu\/wp-json\/wp\/v2\/comments?post=4324"}],"version-history":[{"count":0,"href":"https:\/\/centrolarrinaga.com\/eu\/wp-json\/wp\/v2\/pages\/4324\/revisions"}],"up":[{"embeddable":true,"href":"https:\/\/centrolarrinaga.com\/eu\/wp-json\/wp\/v2\/pages\/4296"}],"wp:featuredmedia":[{"embeddable":true,"href":"https:\/\/centrolarrinaga.com\/eu\/wp-json\/wp\/v2\/media\/3630"}],"wp:attachment":[{"href":"https:\/\/centrolarrinaga.com\/eu\/wp-json\/wp\/v2\/media?parent=4324"}],"curies":[{"name":"wp","href":"https:\/\/api.w.org\/{rel}","templated":true}]}}