{"id":4114,"date":"2021-05-24T18:26:31","date_gmt":"2021-05-24T16:26:31","guid":{"rendered":"https:\/\/centrolarrinaga.com\/?page_id=4114"},"modified":"2022-03-21T10:06:33","modified_gmt":"2022-03-21T09:06:33","slug":"ileapainketa","status":"publish","type":"page","link":"https:\/\/centrolarrinaga.com\/eu\/ikastaroak\/lanbide-formazioa\/langabetuak\/ileapainketa\/","title":{"rendered":"Ileapainketa"},"content":{"rendered":"<p><div class=\"fusion-fullwidth fullwidth-box fusion-builder-row-1 fusion-flex-container fusion-parallax-none nonhundred-percent-fullwidth non-hundred-percent-height-scrolling txtcabeceras\" style=\"--awb-background-position:right top;--awb-border-sizes-top:0px;--awb-border-sizes-bottom:0px;--awb-border-sizes-left:0px;--awb-border-sizes-right:0px;--awb-border-radius-top-left:0px;--awb-border-radius-top-right:0px;--awb-border-radius-bottom-right:0px;--awb-border-radius-bottom-left:0px;--awb-padding-top:90px;--awb-padding-bottom:5%;--awb-background-color:#c2c3c5;--awb-background-image:url(&quot;http:\/\/centrolarrinaga.com\/wp-content\/uploads\/2021\/06\/cursos-lanbide-desempleados-peluqueria.jpg&quot;);--awb-background-size:cover;--awb-flex-wrap:wrap;\" ><div class=\"fusion-builder-row fusion-row fusion-flex-align-items-flex-start fusion-flex-content-wrap\" style=\"max-width:calc( 1170px + 30px );margin-left: calc(-30px \/ 2 );margin-right: calc(-30px \/ 2 );\"><div class=\"fusion-layout-column fusion_builder_column fusion-builder-column-0 fusion_builder_column_1_2 1_2 fusion-flex-column fusion-flex-align-self-stretch fusion-column-no-min-height txtcabeceras\" style=\"--awb-padding-bottom-medium:3%;--awb-padding-bottom-small:3%;--awb-bg-size:cover;--awb-width-large:50%;--awb-margin-top-large:0px;--awb-spacing-right-large:calc( 0.04 * calc( 100% - 30px ) );--awb-margin-bottom-large:0px;--awb-spacing-left-large:15px;--awb-width-medium:100%;--awb-order-medium:0;--awb-spacing-right-medium:15px;--awb-spacing-left-medium:15px;--awb-width-small:100%;--awb-order-small:0;--awb-spacing-right-small:15px;--awb-spacing-left-small:15px;\"><div class=\"fusion-column-wrapper fusion-column-has-shadow fusion-flex-justify-content-flex-start fusion-content-layout-column\"><div class=\"fusion-separator fusion-no-small-visibility fusion-no-medium-visibility fusion-full-width-sep\" style=\"align-self: center;margin-left: auto;margin-right: auto;margin-bottom:15%;width:100%;\"><\/div><div class=\"fusion-title title fusion-title-1 fusion-title-text fusion-title-size-one\" style=\"--awb-text-color:#000000;--awb-margin-top-small:0px;--awb-margin-right-small:0px;--awb-margin-bottom-small:20px;--awb-margin-left-small:0px;--awb-font-size:2em;\"><div class=\"title-sep-container title-sep-container-left fusion-no-large-visibility fusion-no-medium-visibility fusion-no-small-visibility\"><div class=\"title-sep sep- sep-solid\" style=\"border-color:rgba(255,255,255,.2);\"><\/div><\/div><span class=\"awb-title-spacer fusion-no-large-visibility fusion-no-medium-visibility fusion-no-small-visibility\"><\/span><h1 class=\"fusion-title-heading title-heading-left fusion-responsive-typography-calculated\" style=\"margin:0;font-size:1em;--fontSize:32;line-height:1.20;\">Lanbide Langabetuak<br \/>\n<strong>Ileapainketa<\/strong><\/h1><span class=\"awb-title-spacer\"><\/span><div class=\"title-sep-container title-sep-container-right\"><div class=\"title-sep sep- sep-solid\" style=\"border-color:rgba(255,255,255,.2);\"><\/div><\/div><\/div><div class=\"fusion-separator fusion-no-small-visibility fusion-no-medium-visibility fusion-full-width-sep\" style=\"align-self: center;margin-left: auto;margin-right: auto;margin-bottom:40px;width:100%;\"><\/div><div class=\"fusion-builder-row fusion-builder-row-inner fusion-row fusion-flex-align-items-flex-start fusion-flex-content-wrap\" style=\"--awb-flex-grow:0;--awb-flex-grow-medium:0;--awb-flex-grow-small:0;--awb-flex-shrink:0;--awb-flex-shrink-medium:0;--awb-flex-shrink-small:0;width:calc( 100% + 30px ) !important;max-width:calc( 100% + 30px ) !important;margin-left: calc(-30px \/ 2 );margin-right: calc(-30px \/ 2 );\"><div class=\"fusion-layout-column fusion_builder_column_inner fusion-builder-nested-column-0 fusion_builder_column_inner_1_3 1_3 fusion-flex-column\" style=\"--awb-bg-size:cover;--awb-width-large:33.333333333333%;--awb-margin-top-large:0px;--awb-spacing-right-large:15px;--awb-margin-bottom-large:20px;--awb-spacing-left-large:15px;--awb-width-medium:33.333333333333%;--awb-order-medium:0;--awb-spacing-right-medium:15px;--awb-spacing-left-medium:15px;--awb-width-small:33.333333333333%;--awb-order-small:0;--awb-spacing-right-small:15px;--awb-spacing-left-small:15px;\"><div class=\"fusion-column-wrapper fusion-column-has-shadow fusion-flex-justify-content-flex-start fusion-content-layout-column\"><div class=\"fusion-image-element\" style=\"text-align:left;--awb-max-width:200px;--awb-caption-title-font-family:var(--h2_typography-font-family);--awb-caption-title-font-weight:var(--h2_typography-font-weight);--awb-caption-title-font-style:var(--h2_typography-font-style);--awb-caption-title-size:var(--h2_typography-font-size);--awb-caption-title-transform:var(--h2_typography-text-transform);--awb-caption-title-line-height:var(--h2_typography-line-height);--awb-caption-title-letter-spacing:var(--h2_typography-letter-spacing);\"><span class=\" fusion-imageframe imageframe-none imageframe-1 hover-type-none\"><img decoding=\"async\" width=\"300\" height=\"129\" alt=\"Lanbide\" title=\"Lanbide\" src=\"http:\/\/centrolarrinaga.com\/wp-content\/uploads\/2021\/05\/lanbide.png\" class=\"img-responsive wp-image-1553\" srcset=\"https:\/\/centrolarrinaga.com\/wp-content\/uploads\/2021\/05\/lanbide-200x86.png 200w, https:\/\/centrolarrinaga.com\/wp-content\/uploads\/2021\/05\/lanbide.png 300w\" sizes=\"(max-width: 1024px) 100vw, (max-width: 640px) 100vw, 300px\" \/><\/span><\/div><\/div><\/div><div class=\"fusion-layout-column fusion_builder_column_inner fusion-builder-nested-column-1 fusion_builder_column_inner_1_3 1_3 fusion-flex-column\" style=\"--awb-bg-size:cover;--awb-width-large:33.333333333333%;--awb-margin-top-large:0px;--awb-spacing-right-large:15px;--awb-margin-bottom-large:20px;--awb-spacing-left-large:15px;--awb-width-medium:33.333333333333%;--awb-order-medium:0;--awb-spacing-right-medium:15px;--awb-spacing-left-medium:15px;--awb-width-small:33.333333333333%;--awb-order-small:0;--awb-spacing-right-small:15px;--awb-spacing-left-small:15px;\"><div class=\"fusion-column-wrapper fusion-column-has-shadow fusion-flex-justify-content-flex-start fusion-content-layout-column\"><div class=\"fusion-image-element\" style=\"text-align:left;--awb-max-width:200px;--awb-caption-title-font-family:var(--h2_typography-font-family);--awb-caption-title-font-weight:var(--h2_typography-font-weight);--awb-caption-title-font-style:var(--h2_typography-font-style);--awb-caption-title-size:var(--h2_typography-font-size);--awb-caption-title-transform:var(--h2_typography-text-transform);--awb-caption-title-line-height:var(--h2_typography-line-height);--awb-caption-title-letter-spacing:var(--h2_typography-letter-spacing);\"><span class=\" fusion-imageframe imageframe-none imageframe-2 hover-type-none\"><img decoding=\"async\" width=\"300\" height=\"129\" alt=\"Gobierno Vasco\" title=\"Gobierno Vasco\" src=\"http:\/\/centrolarrinaga.com\/wp-content\/uploads\/2021\/05\/gobierno-vasco.png\" class=\"img-responsive wp-image-1552\" srcset=\"https:\/\/centrolarrinaga.com\/wp-content\/uploads\/2021\/05\/gobierno-vasco-200x86.png 200w, https:\/\/centrolarrinaga.com\/wp-content\/uploads\/2021\/05\/gobierno-vasco.png 300w\" sizes=\"(max-width: 1024px) 100vw, (max-width: 640px) 100vw, 300px\" \/><\/span><\/div><\/div><\/div><div class=\"fusion-layout-column fusion_builder_column_inner fusion-builder-nested-column-2 fusion_builder_column_inner_1_3 1_3 fusion-flex-column\" style=\"--awb-bg-size:cover;--awb-width-large:33.333333333333%;--awb-margin-top-large:0px;--awb-spacing-right-large:15px;--awb-margin-bottom-large:20px;--awb-spacing-left-large:15px;--awb-width-medium:33.333333333333%;--awb-order-medium:0;--awb-spacing-right-medium:15px;--awb-spacing-left-medium:15px;--awb-width-small:33.333333333333%;--awb-order-small:0;--awb-spacing-right-small:15px;--awb-spacing-left-small:15px;\"><div class=\"fusion-column-wrapper fusion-column-has-shadow fusion-flex-justify-content-flex-start fusion-content-layout-column\"><div class=\"fusion-image-element\" style=\"text-align:left;--awb-max-width:200px;--awb-caption-title-font-family:var(--h2_typography-font-family);--awb-caption-title-font-weight:var(--h2_typography-font-weight);--awb-caption-title-font-style:var(--h2_typography-font-style);--awb-caption-title-size:var(--h2_typography-font-size);--awb-caption-title-transform:var(--h2_typography-text-transform);--awb-caption-title-line-height:var(--h2_typography-line-height);--awb-caption-title-letter-spacing:var(--h2_typography-letter-spacing);\"><span class=\" fusion-imageframe imageframe-none imageframe-3 hover-type-none\"><img decoding=\"async\" width=\"300\" height=\"129\" alt=\"Fondo social europeo\" title=\"Fondo social europeo\" src=\"http:\/\/centrolarrinaga.com\/wp-content\/uploads\/2021\/01\/fondo-social-europeo.png\" class=\"img-responsive wp-image-1562\" srcset=\"https:\/\/centrolarrinaga.com\/wp-content\/uploads\/2021\/01\/fondo-social-europeo-200x86.png 200w, https:\/\/centrolarrinaga.com\/wp-content\/uploads\/2021\/01\/fondo-social-europeo.png 300w\" sizes=\"(max-width: 1024px) 100vw, (max-width: 640px) 100vw, 300px\" \/><\/span><\/div><\/div><\/div><\/div><div class=\"fusion-separator fusion-no-small-visibility fusion-no-medium-visibility fusion-full-width-sep\" style=\"align-self: center;margin-left: auto;margin-right: auto;margin-bottom:20px;width:100%;\"><\/div><div class=\"fusion-title title fusion-title-2 fusion-title-text fusion-title-size-two\" style=\"--awb-text-color:#000000;--awb-margin-top-small:0px;--awb-margin-right-small:0px;--awb-margin-bottom-small:20px;--awb-margin-left-small:0px;--awb-font-size:1.8em;\"><div class=\"title-sep-container title-sep-container-left fusion-no-large-visibility fusion-no-medium-visibility fusion-no-small-visibility\"><div class=\"title-sep sep- sep-solid\" style=\"border-color:rgba(255,255,255,.2);\"><\/div><\/div><span class=\"awb-title-spacer fusion-no-large-visibility fusion-no-medium-visibility fusion-no-small-visibility\"><\/span><h2 class=\"fusion-title-heading title-heading-left fusion-responsive-typography-calculated\" style=\"margin:0;font-size:1em;--fontSize:28.8;line-height:1.4;\">Pertsona langabatuentzako %100eko diru-laguntzak<\/h2><span class=\"awb-title-spacer\"><\/span><div class=\"title-sep-container title-sep-container-right\"><div class=\"title-sep sep- sep-solid\" style=\"border-color:rgba(255,255,255,.2);\"><\/div><\/div><\/div><\/div><\/div><\/div><\/div><div class=\"fusion-fullwidth fullwidth-box fusion-builder-row-2 fusion-flex-container nonhundred-percent-fullwidth non-hundred-percent-height-scrolling nomargen-lista\" style=\"--awb-background-position:left bottom;--awb-border-radius-top-left:0px;--awb-border-radius-top-right:0px;--awb-border-radius-bottom-right:0px;--awb-border-radius-bottom-left:0px;--awb-padding-top:6%;--awb-padding-bottom:0px;--awb-margin-bottom:0px;--awb-background-color:#ffffff;--awb-flex-wrap:wrap;\" ><div class=\"fusion-builder-row fusion-row fusion-flex-align-items-flex-start fusion-flex-content-wrap\" style=\"max-width:calc( 1170px + 80px );margin-left: calc(-80px \/ 2 );margin-right: calc(-80px \/ 2 );\"><div class=\"fusion-layout-column fusion_builder_column fusion-builder-column-1 fusion_builder_column_1_2 1_2 fusion-flex-column\" style=\"--awb-padding-top:2%;--awb-bg-size:cover;--awb-width-large:50%;--awb-margin-top-large:0px;--awb-spacing-right-large:40px;--awb-margin-bottom-large:0px;--awb-spacing-left-large:40px;--awb-width-medium:100%;--awb-order-medium:0;--awb-spacing-right-medium:40px;--awb-spacing-left-medium:40px;--awb-width-small:100%;--awb-order-small:0;--awb-spacing-right-small:40px;--awb-spacing-left-small:40px;\"><div class=\"fusion-column-wrapper fusion-column-has-shadow fusion-flex-justify-content-flex-start fusion-content-layout-column\"><div class=\"fusion-title title fusion-title-3 fusion-title-text fusion-title-size-two\" style=\"--awb-text-color:#e10707;--awb-margin-top-small:0px;--awb-margin-right-small:0px;--awb-margin-bottom-small:20px;--awb-margin-left-small:0px;\"><div class=\"title-sep-container title-sep-container-left fusion-no-large-visibility fusion-no-medium-visibility fusion-no-small-visibility\"><div class=\"title-sep sep- sep-solid\" style=\"border-color:rgba(255,255,255,.2);\"><\/div><\/div><span class=\"awb-title-spacer fusion-no-large-visibility fusion-no-medium-visibility fusion-no-small-visibility\"><\/span><h2 class=\"fusion-title-heading title-heading-left fusion-responsive-typography-calculated\" style=\"margin:0;--fontSize:40;line-height:1.4;\">1. Maila<\/h2><span class=\"awb-title-spacer\"><\/span><div class=\"title-sep-container title-sep-container-right\"><div class=\"title-sep sep- sep-solid\" style=\"border-color:rgba(255,255,255,.2);\"><\/div><\/div><\/div><div class=\"fusion-separator fusion-full-width-sep\" style=\"align-self: center;margin-left: auto;margin-right: auto;margin-top:20px;width:100%;\"><\/div><div class=\"fusion-title title fusion-title-4 fusion-title-text fusion-title-size-four\" style=\"--awb-text-color:#000000;--awb-margin-top-small:0px;--awb-margin-right-small:0px;--awb-margin-bottom-small:20px;--awb-margin-left-small:0px;\"><div class=\"title-sep-container title-sep-container-left fusion-no-large-visibility fusion-no-medium-visibility fusion-no-small-visibility\"><div class=\"title-sep sep- sep-solid\" style=\"border-color:rgba(255,255,255,.2);\"><\/div><\/div><span class=\"awb-title-spacer fusion-no-large-visibility fusion-no-medium-visibility fusion-no-small-visibility\"><\/span><h4 class=\"fusion-title-heading title-heading-left fusion-responsive-typography-calculated\" style=\"margin:0;--fontSize:24;line-height:1.5;\">Baldintzak<\/h4><span class=\"awb-title-spacer\"><\/span><div class=\"title-sep-container title-sep-container-right\"><div class=\"title-sep sep- sep-solid\" style=\"border-color:rgba(255,255,255,.2);\"><\/div><\/div><\/div><div class=\"fusion-text fusion-text-1 fusion-text-no-margin\" style=\"--awb-text-transform:none;--awb-text-color:#000000;--awb-margin-bottom:0px;\"><ul>\n<li>Lanbideko enplegu-eskatzailea izatea eta ikastaro bakoitzeko deialdian izena emanda egotea.<\/li>\n<\/ul>\n<\/div><div class=\"fusion-separator fusion-full-width-sep\" style=\"align-self: center;margin-left: auto;margin-right: auto;margin-top:20px;width:100%;\"><\/div><div class=\"fusion-title title fusion-title-5 fusion-title-text fusion-title-size-three\" style=\"--awb-text-color:#000000;--awb-margin-top-small:0px;--awb-margin-right-small:0px;--awb-margin-bottom-small:20px;--awb-margin-left-small:0px;\"><div class=\"title-sep-container title-sep-container-left fusion-no-large-visibility fusion-no-medium-visibility fusion-no-small-visibility\"><div class=\"title-sep sep- sep-solid\" style=\"border-color:rgba(255,255,255,.2);\"><\/div><\/div><span class=\"awb-title-spacer fusion-no-large-visibility fusion-no-medium-visibility fusion-no-small-visibility\"><\/span><h3 class=\"fusion-title-heading title-heading-left fusion-responsive-typography-calculated\" style=\"margin:0;--fontSize:32;line-height:1.13;\">1.Maila<br \/>\n330 ORDU<br \/>\nPrestakuntza moduluak<\/h3><span class=\"awb-title-spacer\"><\/span><div class=\"title-sep-container title-sep-container-right\"><div class=\"title-sep sep- sep-solid\" style=\"border-color:rgba(255,255,255,.2);\"><\/div><\/div><\/div><div class=\"fusion-separator fusion-full-width-sep\" style=\"align-self: center;margin-left: auto;margin-right: auto;margin-top:20px;width:100%;\"><\/div><div class=\"fusion-title title fusion-title-6 fusion-title-text fusion-title-size-four\" style=\"--awb-text-color:#000000;--awb-margin-top-small:0px;--awb-margin-right-small:0px;--awb-margin-bottom-small:20px;--awb-margin-left-small:0px;\"><div class=\"title-sep-container title-sep-container-left fusion-no-large-visibility fusion-no-medium-visibility fusion-no-small-visibility\"><div class=\"title-sep sep- sep-solid\" style=\"border-color:rgba(255,255,255,.2);\"><\/div><\/div><span class=\"awb-title-spacer fusion-no-large-visibility fusion-no-medium-visibility fusion-no-small-visibility\"><\/span><h4 class=\"fusion-title-heading title-heading-left fusion-responsive-typography-calculated\" style=\"margin:0;--fontSize:24;line-height:1.5;\">M\u00f3dulos formativos<\/h4><span class=\"awb-title-spacer\"><\/span><div class=\"title-sep-container title-sep-container-right\"><div class=\"title-sep sep- sep-solid\" style=\"border-color:rgba(255,255,255,.2);\"><\/div><\/div><\/div><div class=\"fusion-text fusion-text-2\" style=\"--awb-text-transform:none;--awb-text-color:#000000;\"><ul>\n<li>Higienea eta asepsia ile-apainketan.<\/li>\n<li>Forma aldatzeko eta orrazten hasteko muntaketak.<\/li>\n<li>Ilearen kolorea aldatzeko kosmetikoak erabiltzea<\/li>\n<li>Ile-apainketako zerbitzu osagarrietako lanekoak ez diren lanbide-jardunbideak<\/li>\n<\/ul>\n<\/div><div class=\"fusion-image-element\" style=\"text-align:center;--awb-margin-top:0px;--awb-caption-title-font-family:var(--h2_typography-font-family);--awb-caption-title-font-weight:var(--h2_typography-font-weight);--awb-caption-title-font-style:var(--h2_typography-font-style);--awb-caption-title-size:var(--h2_typography-font-size);--awb-caption-title-transform:var(--h2_typography-text-transform);--awb-caption-title-line-height:var(--h2_typography-line-height);--awb-caption-title-letter-spacing:var(--h2_typography-letter-spacing);\"><span class=\" fusion-imageframe imageframe-none imageframe-4 hover-type-none\"><img decoding=\"async\" width=\"350\" height=\"467\" alt=\"Titulacion est\u00e9tica subvencionada por el gobierno vasco\" title=\"Cursos Lanbide peluquer\u00eda\" src=\"http:\/\/centrolarrinaga.com\/wp-content\/uploads\/2021\/05\/cursos-lanbide-peluqueria.jpg\" class=\"img-responsive wp-image-1933\" srcset=\"https:\/\/centrolarrinaga.com\/wp-content\/uploads\/2021\/05\/cursos-lanbide-peluqueria-200x267.jpg 200w, https:\/\/centrolarrinaga.com\/wp-content\/uploads\/2021\/05\/cursos-lanbide-peluqueria.jpg 350w\" sizes=\"(max-width: 1024px) 100vw, (max-width: 640px) 100vw, 350px\" \/><\/span><\/div><\/div><\/div><div class=\"fusion-layout-column fusion_builder_column fusion-builder-column-2 fusion_builder_column_1_2 1_2 fusion-flex-column\" style=\"--awb-padding-top:2%;--awb-bg-size:cover;--awb-width-large:50%;--awb-margin-top-large:0px;--awb-spacing-right-large:40px;--awb-margin-bottom-large:0px;--awb-spacing-left-large:40px;--awb-width-medium:100%;--awb-order-medium:0;--awb-spacing-right-medium:40px;--awb-spacing-left-medium:40px;--awb-width-small:100%;--awb-order-small:0;--awb-spacing-right-small:40px;--awb-spacing-left-small:40px;\"><div class=\"fusion-column-wrapper fusion-column-has-shadow fusion-flex-justify-content-flex-start fusion-content-layout-column\"><div class=\"fusion-title title fusion-title-7 fusion-title-text fusion-title-size-two\" style=\"--awb-text-color:#e10707;--awb-margin-top-small:0px;--awb-margin-right-small:0px;--awb-margin-bottom-small:20px;--awb-margin-left-small:0px;\"><div class=\"title-sep-container title-sep-container-left fusion-no-large-visibility fusion-no-medium-visibility fusion-no-small-visibility\"><div class=\"title-sep sep- sep-solid\" style=\"border-color:rgba(255,255,255,.2);\"><\/div><\/div><span class=\"awb-title-spacer fusion-no-large-visibility fusion-no-medium-visibility fusion-no-small-visibility\"><\/span><h2 class=\"fusion-title-heading title-heading-left fusion-responsive-typography-calculated\" style=\"margin:0;--fontSize:40;line-height:1.4;\">2. Maila<\/h2><span class=\"awb-title-spacer\"><\/span><div class=\"title-sep-container title-sep-container-right\"><div class=\"title-sep sep- sep-solid\" style=\"border-color:rgba(255,255,255,.2);\"><\/div><\/div><\/div><div class=\"fusion-separator fusion-full-width-sep\" style=\"align-self: center;margin-left: auto;margin-right: auto;margin-top:20px;width:100%;\"><\/div><div class=\"fusion-title title fusion-title-8 fusion-title-text fusion-title-size-four\" style=\"--awb-text-color:#000000;--awb-margin-top-small:0px;--awb-margin-right-small:0px;--awb-margin-bottom-small:20px;--awb-margin-left-small:0px;\"><div class=\"title-sep-container title-sep-container-left fusion-no-large-visibility fusion-no-medium-visibility fusion-no-small-visibility\"><div class=\"title-sep sep- sep-solid\" style=\"border-color:rgba(255,255,255,.2);\"><\/div><\/div><span class=\"awb-title-spacer fusion-no-large-visibility fusion-no-medium-visibility fusion-no-small-visibility\"><\/span><h4 class=\"fusion-title-heading title-heading-left fusion-responsive-typography-calculated\" style=\"margin:0;--fontSize:24;line-height:1.5;\">Baldintzak<\/h4><span class=\"awb-title-spacer\"><\/span><div class=\"title-sep-container title-sep-container-right\"><div class=\"title-sep sep- sep-solid\" style=\"border-color:rgba(255,255,255,.2);\"><\/div><\/div><\/div><div class=\"fusion-text fusion-text-3 fusion-text-no-margin\" style=\"--awb-text-transform:none;--awb-text-color:#000000;--awb-margin-bottom:0px;\"><ul>\n<li>LANBIDEn enplegu-eskatzailea izatea eta ikastaro bakoitzeko deialdian izena emanda egotea.<\/li>\n<li>DBHko titulazioa, erdi-mailako heziketa-zikloetan sartzeko probak edo baliokideak (lanerako edo ikasketetarako)<\/li>\n<li><a class=\"rojo\" href=\"#\" data-toggle=\"modal\" data-target=\".fusion-modal.justificar\"><strong>Justifikatu*<\/strong><\/a> behar adina prestakuntza- edo lanbide-ezagutza<\/li>\n<li>Egin nahi den prestakuntza-moduluaren maila bereko profesionaltasun-ziurtagiria<\/li>\n<li>25 edo 45 urtetik gorakoentzako unibertsitatera sartzeko proba<\/li>\n<li>Plaza librerik badago, beste autonomia-erkidego mugakide batetik datozen baldintzak betetzen dituzten pertsonak, aldez aurretik edozein enplegu-zerbitzutan inskribatuta daudenak.<\/li>\n<\/ul>\n<\/div><div class=\"fusion-modal modal fade modal-1 justificar has-light-close\" tabindex=\"-1\" role=\"dialog\" aria-labelledby=\"modal-heading-1\" aria-hidden=\"true\" style=\"--awb-border-color:#ebebeb;--awb-background:#4f4f4f;\"><div class=\"modal-dialog modal-lg\" role=\"document\"><div class=\"modal-content fusion-modal-content\"><div class=\"modal-header\"><button class=\"close\" type=\"button\" data-dismiss=\"modal\" aria-hidden=\"true\" aria-label=\"Close\">&times;<\/button><h3 class=\"modal-title\" id=\"modal-heading-1\" data-dismiss=\"modal\" aria-hidden=\"true\">Maneras de justificar los conocimientos formativos o profesonales suficientes para el acceso a cursos de nivel 2<\/h3><\/div><div class=\"modal-body fusion-clearfix\">\n<ul>\n<li>Mailako edo goragoko prestakuntza ez-formaleko zentro baimenduek, gutxienez 300 ordukoek, lanbide-arlo berean egindako egiaztagiria aurkeztea.<\/li>\n<li>Esperientzia aitortzeko prozedura arautzen duen Errege Dekretuaren araberako lan-esperientzia eta\/edo prestakuntza duela justifikatzea.<\/li>\n<li>Egin nahi den prestakuntzaren maila bereko edo handiagoko lanbide-arlo eta -arlo bereko esperientzia aitortzeko gailuak aitortutako gaitasun-unitate bat izatea, gutxienez.<\/li>\n<li>Matematikako eta gaztelaniako gako-gaitasunen proba idatzia gainditzea, dagokion familiarekin lotuta.<\/li>\n<li>Itzulitako jatorrizko herrialdeko titulazioen atzerriko dokumentazioa, zinpeko itzultzaileen arabera, eta baliokidetasunak Hezkuntzan ezarritako taulen arabera.<\/li>\n<\/ul>\n<\/div><\/div><\/div><\/div><div class=\"fusion-separator fusion-full-width-sep\" style=\"align-self: center;margin-left: auto;margin-right: auto;margin-top:20px;width:100%;\"><\/div><div class=\"fusion-title title fusion-title-9 fusion-title-text fusion-title-size-three\" style=\"--awb-text-color:#000000;--awb-margin-top-small:0px;--awb-margin-right-small:0px;--awb-margin-bottom-small:20px;--awb-margin-left-small:0px;\"><div class=\"title-sep-container title-sep-container-left fusion-no-large-visibility fusion-no-medium-visibility fusion-no-small-visibility\"><div class=\"title-sep sep- sep-solid\" style=\"border-color:rgba(255,255,255,.2);\"><\/div><\/div><span class=\"awb-title-spacer fusion-no-large-visibility fusion-no-medium-visibility fusion-no-small-visibility\"><\/span><h3 class=\"fusion-title-heading title-heading-left fusion-responsive-typography-calculated\" style=\"margin:0;--fontSize:32;line-height:1.13;\">Ileapainketa<br \/>\n710 ORDU<\/h3><span class=\"awb-title-spacer\"><\/span><div class=\"title-sep-container title-sep-container-right\"><div class=\"title-sep sep- sep-solid\" style=\"border-color:rgba(255,255,255,.2);\"><\/div><\/div><\/div><div class=\"fusion-separator fusion-full-width-sep\" style=\"align-self: center;margin-left: auto;margin-right: auto;margin-top:20px;width:100%;\"><\/div><div class=\"fusion-title title fusion-title-10 fusion-title-text fusion-title-size-four\" style=\"--awb-text-color:#000000;--awb-margin-top-small:0px;--awb-margin-right-small:0px;--awb-margin-bottom-small:20px;--awb-margin-left-small:0px;\"><div class=\"title-sep-container title-sep-container-left fusion-no-large-visibility fusion-no-medium-visibility fusion-no-small-visibility\"><div class=\"title-sep sep- sep-solid\" style=\"border-color:rgba(255,255,255,.2);\"><\/div><\/div><span class=\"awb-title-spacer fusion-no-large-visibility fusion-no-medium-visibility fusion-no-small-visibility\"><\/span><h4 class=\"fusion-title-heading title-heading-left fusion-responsive-typography-calculated\" style=\"margin:0;--fontSize:24;line-height:1.5;\">Prestakuntza moduluak<\/h4><span class=\"awb-title-spacer\"><\/span><div class=\"title-sep-container title-sep-container-right\"><div class=\"title-sep sep- sep-solid\" style=\"border-color:rgba(255,255,255,.2);\"><\/div><\/div><\/div><div class=\"fusion-text fusion-text-4\" style=\"--awb-text-transform:none;--awb-text-color:#000000;\"><ul>\n<li>Higienea eta asepsia ile-apainketan<\/li>\n<li>Buru-larruazalaren eta ilearen analisia, lan teknikoen protokoloak eta ilerako zaintza estetikoak<\/li>\n<li>Kolorea ile-apainketan<\/li>\n<li>Orrazkerak, akaberak eta orrazkera bilduak<\/li>\n<li>Ilearen forma-aldaketa iraunkorrak<\/li>\n<li>Ile-mozketa eta teknika osagarriak<\/li>\n<li>Irudi pertsonala zaintzeko aholkularitza eta produktu eta zerbitzuen salmenta<\/li>\n<li>Ile-apainketako lanekoak ez diren lanbide-jardunbideak<\/li>\n<\/ul>\n<\/div><\/div><\/div><\/div><\/div><div class=\"fusion-fullwidth fullwidth-box fusion-builder-row-3 fusion-flex-container fusion-parallax-none nonhundred-percent-fullwidth non-hundred-percent-height-scrolling\" style=\"--awb-background-position:right bottom;--awb-border-radius-top-left:0px;--awb-border-radius-top-right:0px;--awb-border-radius-bottom-right:0px;--awb-border-radius-bottom-left:0px;--awb-padding-top:6%;--awb-padding-bottom:0px;--awb-background-color:#000000;--awb-background-image:url(&quot;http:\/\/centrolarrinaga.com\/wp-content\/uploads\/2021\/05\/cursos-lanbide-peluqueria3.jpg&quot;);--awb-background-size:cover;--awb-flex-wrap:wrap;\" ><div class=\"fusion-builder-row fusion-row fusion-flex-align-items-flex-start fusion-flex-content-wrap\" style=\"max-width:1216.8px;margin-left: calc(-4% \/ 2 );margin-right: calc(-4% \/ 2 );\"><div class=\"fusion-layout-column fusion_builder_column fusion-builder-column-3 fusion_builder_column_5_6 5_6 fusion-flex-column nomargen-lista\" style=\"--awb-bg-size:cover;--awb-width-large:83.333333333333%;--awb-margin-top-large:0px;--awb-spacing-right-large:2.304%;--awb-margin-bottom-large:20px;--awb-spacing-left-large:2.304%;--awb-width-medium:100%;--awb-order-medium:0;--awb-spacing-right-medium:1.92%;--awb-spacing-left-medium:1.92%;--awb-width-small:100%;--awb-order-small:0;--awb-spacing-right-small:1.92%;--awb-spacing-left-small:1.92%;\"><div class=\"fusion-column-wrapper fusion-column-has-shadow fusion-flex-justify-content-flex-start fusion-content-layout-column\"><div class=\"fusion-title title fusion-title-11 fusion-title-text fusion-title-size-two\" style=\"--awb-text-color:#e10707;--awb-margin-top-small:0px;--awb-margin-right-small:0px;--awb-margin-bottom-small:20px;--awb-margin-left-small:0px;\"><div class=\"title-sep-container title-sep-container-left fusion-no-large-visibility fusion-no-medium-visibility fusion-no-small-visibility\"><div class=\"title-sep sep- sep-solid\" style=\"border-color:rgba(255,255,255,.2);\"><\/div><\/div><span class=\"awb-title-spacer fusion-no-large-visibility fusion-no-medium-visibility fusion-no-small-visibility\"><\/span><h2 class=\"fusion-title-heading title-heading-left fusion-responsive-typography-calculated\" style=\"margin:0;--fontSize:40;line-height:1.4;\">3 Maila<\/h2><span class=\"awb-title-spacer\"><\/span><div class=\"title-sep-container title-sep-container-right\"><div class=\"title-sep sep- sep-solid\" style=\"border-color:rgba(255,255,255,.2);\"><\/div><\/div><\/div><div class=\"fusion-separator fusion-full-width-sep\" style=\"align-self: center;margin-left: auto;margin-right: auto;margin-top:20px;width:100%;\"><\/div><div class=\"fusion-title title fusion-title-12 fusion-title-text fusion-title-size-four\" style=\"--awb-margin-top-small:0px;--awb-margin-right-small:0px;--awb-margin-bottom-small:20px;--awb-margin-left-small:0px;\"><div class=\"title-sep-container title-sep-container-left fusion-no-large-visibility fusion-no-medium-visibility fusion-no-small-visibility\"><div class=\"title-sep sep- sep-solid\" style=\"border-color:rgba(255,255,255,.2);\"><\/div><\/div><span class=\"awb-title-spacer fusion-no-large-visibility fusion-no-medium-visibility fusion-no-small-visibility\"><\/span><h4 class=\"fusion-title-heading title-heading-left fusion-responsive-typography-calculated\" style=\"margin:0;--fontSize:24;line-height:1.5;\">Baldintzak<\/h4><span class=\"awb-title-spacer\"><\/span><div class=\"title-sep-container title-sep-container-right\"><div class=\"title-sep sep- sep-solid\" style=\"border-color:rgba(255,255,255,.2);\"><\/div><\/div><\/div><div class=\"fusion-text fusion-text-5\" style=\"--awb-content-alignment:left;--awb-text-transform:none;--awb-text-color:#ffffff;\"><ul>\n<li>LANBIDEn enplegu-eskatzailea izatea eta ikasturte bakoitzeko deialdian izena emanda egotea.<\/li>\n<li>Batxilergoko titulua, goi-mailako heziketa-ziklorako sarbide-proba edo baliokideak izatea laneko ondorioetarako edo ondorio akademikoetarako.<\/li>\n<li>Behar adina prestakuntza- edo lanbide-ezagutza <a href=\"#\" data-toggle=\"modal\" data-target=\".fusion-modal.justificar\"><strong>justificatzea<\/strong><\/a> prestakuntza probetxuz egin ahal izateko.<\/li>\n<li>Egin nahi den prestakuntza-moduluaren maila bereko profesionaltasun-ziurtagiria.<\/li>\n<li>Lanbide-arlo bereko 2. mailako profesionaltasun-ziurtagiria<\/li>\n<li>25 edo 45 urtetik gorakoentzako unibertsitatera sartzeko proba.<\/li>\n<li>Plaza librerik badago, beste autonomia-erkidego mugakide batetik datozen eta aurrez edozein enplegu-zerbitzutan inskribatuta dauden pertsonak.<\/li>\n<\/ul>\n<\/div><\/div><\/div><div class=\"fusion-layout-column fusion_builder_column fusion-builder-column-4 fusion_builder_column_1_2 1_2 fusion-flex-column nomargen-lista\" style=\"--awb-padding-top:5%;--awb-padding-right:5%;--awb-padding-bottom:10%;--awb-padding-left:5%;--awb-padding-top-medium:3%;--awb-padding-right-medium:3%;--awb-padding-bottom-medium:3%;--awb-padding-left-medium:3%;--awb-padding-top-small:3%;--awb-padding-right-small:3%;--awb-padding-bottom-small:3%;--awb-padding-left-small:3%;--awb-bg-color:rgba(0,0,0,0.64);--awb-bg-color-hover:rgba(0,0,0,0.64);--awb-bg-size:cover;--awb-width-large:50%;--awb-margin-top-large:0px;--awb-spacing-right-large:3.84%;--awb-margin-bottom-large:0px;--awb-spacing-left-large:3.84%;--awb-width-medium:100%;--awb-order-medium:0;--awb-spacing-right-medium:1.92%;--awb-spacing-left-medium:1.92%;--awb-width-small:100%;--awb-order-small:0;--awb-spacing-right-small:1.92%;--awb-spacing-left-small:1.92%;\"><div class=\"fusion-column-wrapper fusion-column-has-shadow fusion-flex-justify-content-flex-start fusion-content-layout-column\"><div class=\"fusion-separator fusion-full-width-sep\" style=\"align-self: center;margin-left: auto;margin-right: auto;margin-top:20px;width:100%;\"><\/div><div class=\"fusion-title title fusion-title-13 fusion-title-text fusion-title-size-three\" style=\"--awb-margin-top-small:0px;--awb-margin-right-small:0px;--awb-margin-bottom-small:20px;--awb-margin-left-small:0px;\"><div class=\"title-sep-container title-sep-container-left fusion-no-large-visibility fusion-no-medium-visibility fusion-no-small-visibility\"><div class=\"title-sep sep- sep-solid\" style=\"border-color:rgba(255,255,255,.2);\"><\/div><\/div><span class=\"awb-title-spacer fusion-no-large-visibility fusion-no-medium-visibility fusion-no-small-visibility\"><\/span><h3 class=\"fusion-title-heading title-heading-left fusion-responsive-typography-calculated\" style=\"margin:0;--fontSize:32;line-height:1.13;\">Ile Tratamendu estetikoak<br \/>\n440 ordu<\/h3><span class=\"awb-title-spacer\"><\/span><div class=\"title-sep-container title-sep-container-right\"><div class=\"title-sep sep- sep-solid\" style=\"border-color:rgba(255,255,255,.2);\"><\/div><\/div><\/div><div class=\"fusion-separator fusion-full-width-sep\" style=\"align-self: center;margin-left: auto;margin-right: auto;margin-top:20px;width:100%;\"><\/div><div class=\"fusion-title title fusion-title-14 fusion-title-text fusion-title-size-four\" style=\"--awb-margin-top-small:0px;--awb-margin-right-small:0px;--awb-margin-bottom-small:20px;--awb-margin-left-small:0px;\"><div class=\"title-sep-container title-sep-container-left fusion-no-large-visibility fusion-no-medium-visibility fusion-no-small-visibility\"><div class=\"title-sep sep- sep-solid\" style=\"border-color:rgba(255,255,255,.2);\"><\/div><\/div><span class=\"awb-title-spacer fusion-no-large-visibility fusion-no-medium-visibility fusion-no-small-visibility\"><\/span><h4 class=\"fusion-title-heading title-heading-left fusion-responsive-typography-calculated\" style=\"margin:0;--fontSize:24;line-height:1.5;\">Prestakuntza moduluak<\/h4><span class=\"awb-title-spacer\"><\/span><div class=\"title-sep-container title-sep-container-right\"><div class=\"title-sep sep- sep-solid\" style=\"border-color:rgba(255,255,255,.2);\"><\/div><\/div><\/div><div class=\"fusion-text fusion-text-6\" style=\"--awb-content-alignment:left;--awb-text-transform:none;--awb-text-color:#ffffff;\"><ul>\n<li>Ilearen alterazio estetikoen diagnostikoa eta protokoloak.<\/li>\n<li>Ile-tratamendu estetikoen aplikazioa.<\/li>\n<li>Irudi pertsonaleko enpresen zuzendaritza eta kudeaketa.<\/li>\n<li>Irudi pertsonala zaintzeko aholkularitza eta produktu eta zerbitzuen salmenta.<\/li>\n<li>Ile-tratamendu estetikoetako lanekoak ez diren lanbidejardunbideak.<\/li>\n<\/ul>\n<\/div><\/div><\/div><\/div><\/div><\/p>\n","protected":false},"excerpt":{"rendered":"","protected":false},"author":1,"featured_media":3541,"parent":4098,"menu_order":0,"comment_status":"closed","ping_status":"closed","template":"100-width.php","meta":{"footnotes":""},"class_list":["post-4114","page","type-page","status-publish","has-post-thumbnail","hentry"],"yoast_head":"<!-- This site is optimized with the Yoast SEO plugin v28.3 - https:\/\/yoast.com\/product\/yoast-seo-wordpress\/ -->\n<title>Formaci\u00f3n peluquer\u00eda para desempleados - Centro Hnos Larrinaga<\/title>\n<meta name=\"description\" content=\"Formaci\u00f3n peluquer\u00eda para desempleados en Bilbao. Ap\u00fantate a los cursos de peluquer\u00eda 100% Subvencionados para personas desempleadas.\" \/>\n<meta name=\"robots\" content=\"index, follow, max-snippet:-1, max-image-preview:large, max-video-preview:-1\" \/>\n<link rel=\"canonical\" href=\"https:\/\/centrolarrinaga.com\/eu\/ikastaroak\/lanbide-formazioa\/langabetuak\/ileapainketa\/\" \/>\n<meta property=\"og:locale\" content=\"eu_ES\" \/>\n<meta property=\"og:type\" content=\"article\" \/>\n<meta property=\"og:title\" content=\"Formaci\u00f3n peluquer\u00eda para desempleados - Centro Hnos Larrinaga\" \/>\n<meta property=\"og:description\" content=\"Formaci\u00f3n peluquer\u00eda para desempleados en Bilbao. Ap\u00fantate a los cursos de peluquer\u00eda 100% Subvencionados para personas desempleadas.\" \/>\n<meta property=\"og:url\" content=\"https:\/\/centrolarrinaga.com\/eu\/ikastaroak\/lanbide-formazioa\/langabetuak\/ileapainketa\/\" \/>\n<meta property=\"og:site_name\" content=\"Centro de Peluquer\u00eda y Est\u00e9tica Hnos. Larrinaga\" \/>\n<meta property=\"article:modified_time\" content=\"2022-03-21T09:06:33+00:00\" \/>\n<meta property=\"og:image\" content=\"https:\/\/centrolarrinaga.com\/wp-content\/uploads\/2021\/06\/lanbide-desempleados-peluqueria.jpg\" \/>\n\t<meta property=\"og:image:width\" content=\"787\" \/>\n\t<meta property=\"og:image:height\" content=\"750\" \/>\n\t<meta property=\"og:image:type\" content=\"image\/jpeg\" \/>\n<meta name=\"twitter:card\" content=\"summary_large_image\" \/>\n<meta name=\"twitter:label1\" content=\"Est. reading time\" \/>\n\t<meta name=\"twitter:data1\" content=\"13 minutes\" \/>\n<script type=\"application\/ld+json\" class=\"yoast-schema-graph\">{\"@context\":\"https:\\\/\\\/schema.org\",\"@graph\":[{\"@type\":\"WebPage\",\"@id\":\"https:\\\/\\\/centrolarrinaga.com\\\/eu\\\/ikastaroak\\\/lanbide-formazioa\\\/langabetuak\\\/ileapainketa\\\/\",\"url\":\"https:\\\/\\\/centrolarrinaga.com\\\/eu\\\/ikastaroak\\\/lanbide-formazioa\\\/langabetuak\\\/ileapainketa\\\/\",\"name\":\"Formaci\u00f3n peluquer\u00eda para desempleados - Centro Hnos Larrinaga\",\"isPartOf\":{\"@id\":\"https:\\\/\\\/centrolarrinaga.com\\\/#website\"},\"primaryImageOfPage\":{\"@id\":\"https:\\\/\\\/centrolarrinaga.com\\\/eu\\\/ikastaroak\\\/lanbide-formazioa\\\/langabetuak\\\/ileapainketa\\\/#primaryimage\"},\"image\":{\"@id\":\"https:\\\/\\\/centrolarrinaga.com\\\/eu\\\/ikastaroak\\\/lanbide-formazioa\\\/langabetuak\\\/ileapainketa\\\/#primaryimage\"},\"thumbnailUrl\":\"https:\\\/\\\/centrolarrinaga.com\\\/wp-content\\\/uploads\\\/2021\\\/06\\\/lanbide-desempleados-peluqueria.jpg\",\"datePublished\":\"2021-05-24T16:26:31+00:00\",\"dateModified\":\"2022-03-21T09:06:33+00:00\",\"description\":\"Formaci\u00f3n peluquer\u00eda para desempleados en Bilbao. Ap\u00fantate a los cursos de peluquer\u00eda 100% Subvencionados para personas desempleadas.\",\"breadcrumb\":{\"@id\":\"https:\\\/\\\/centrolarrinaga.com\\\/eu\\\/ikastaroak\\\/lanbide-formazioa\\\/langabetuak\\\/ileapainketa\\\/#breadcrumb\"},\"inLanguage\":\"eu-ES\",\"potentialAction\":[{\"@type\":\"ReadAction\",\"target\":[\"https:\\\/\\\/centrolarrinaga.com\\\/eu\\\/ikastaroak\\\/lanbide-formazioa\\\/langabetuak\\\/ileapainketa\\\/\"]}]},{\"@type\":\"ImageObject\",\"inLanguage\":\"eu-ES\",\"@id\":\"https:\\\/\\\/centrolarrinaga.com\\\/eu\\\/ikastaroak\\\/lanbide-formazioa\\\/langabetuak\\\/ileapainketa\\\/#primaryimage\",\"url\":\"https:\\\/\\\/centrolarrinaga.com\\\/wp-content\\\/uploads\\\/2021\\\/06\\\/lanbide-desempleados-peluqueria.jpg\",\"contentUrl\":\"https:\\\/\\\/centrolarrinaga.com\\\/wp-content\\\/uploads\\\/2021\\\/06\\\/lanbide-desempleados-peluqueria.jpg\",\"width\":787,\"height\":750,\"caption\":\"Lanbide desempleados peluquer\u00eda\"},{\"@type\":\"BreadcrumbList\",\"@id\":\"https:\\\/\\\/centrolarrinaga.com\\\/eu\\\/ikastaroak\\\/lanbide-formazioa\\\/langabetuak\\\/ileapainketa\\\/#breadcrumb\",\"itemListElement\":[{\"@type\":\"ListItem\",\"position\":1,\"name\":\"Portada\",\"item\":\"https:\\\/\\\/centrolarrinaga.com\\\/eu\\\/\"},{\"@type\":\"ListItem\",\"position\":2,\"name\":\"Ikastaroak\",\"item\":\"https:\\\/\\\/centrolarrinaga.com\\\/eu\\\/ikastaroak\\\/\"},{\"@type\":\"ListItem\",\"position\":3,\"name\":\"Lanbide Formazioa\",\"item\":\"https:\\\/\\\/centrolarrinaga.com\\\/eu\\\/ikastaroak\\\/lanbide-formazioa\\\/\"},{\"@type\":\"ListItem\",\"position\":4,\"name\":\"Lanbide langabetuak\",\"item\":\"https:\\\/\\\/centrolarrinaga.com\\\/eu\\\/ikastaroak\\\/lanbide-formazioa\\\/langabetuak\\\/\"},{\"@type\":\"ListItem\",\"position\":5,\"name\":\"Ileapainketa\"}]},{\"@type\":\"WebSite\",\"@id\":\"https:\\\/\\\/centrolarrinaga.com\\\/#website\",\"url\":\"https:\\\/\\\/centrolarrinaga.com\\\/\",\"name\":\"Centro de Peluquer\u00eda y Est\u00e9tica Hnos. Larrinaga\",\"description\":\"Cursos de peluquer\u00eda y est\u00e9tica en Bilbao\",\"potentialAction\":[{\"@type\":\"SearchAction\",\"target\":{\"@type\":\"EntryPoint\",\"urlTemplate\":\"https:\\\/\\\/centrolarrinaga.com\\\/?s={search_term_string}\"},\"query-input\":{\"@type\":\"PropertyValueSpecification\",\"valueRequired\":true,\"valueName\":\"search_term_string\"}}],\"inLanguage\":\"eu-ES\"}]}<\/script>\n<!-- \/ Yoast SEO plugin. -->","yoast_head_json":{"title":"Formaci\u00f3n peluquer\u00eda para desempleados - Centro Hnos Larrinaga","description":"Formaci\u00f3n peluquer\u00eda para desempleados en Bilbao. Ap\u00fantate a los cursos de peluquer\u00eda 100% Subvencionados para personas desempleadas.","robots":{"index":"index","follow":"follow","max-snippet":"max-snippet:-1","max-image-preview":"max-image-preview:large","max-video-preview":"max-video-preview:-1"},"canonical":"https:\/\/centrolarrinaga.com\/eu\/ikastaroak\/lanbide-formazioa\/langabetuak\/ileapainketa\/","og_locale":"eu_ES","og_type":"article","og_title":"Formaci\u00f3n peluquer\u00eda para desempleados - Centro Hnos Larrinaga","og_description":"Formaci\u00f3n peluquer\u00eda para desempleados en Bilbao. Ap\u00fantate a los cursos de peluquer\u00eda 100% Subvencionados para personas desempleadas.","og_url":"https:\/\/centrolarrinaga.com\/eu\/ikastaroak\/lanbide-formazioa\/langabetuak\/ileapainketa\/","og_site_name":"Centro de Peluquer\u00eda y Est\u00e9tica Hnos. Larrinaga","article_modified_time":"2022-03-21T09:06:33+00:00","og_image":[{"width":787,"height":750,"url":"https:\/\/centrolarrinaga.com\/wp-content\/uploads\/2021\/06\/lanbide-desempleados-peluqueria.jpg","type":"image\/jpeg"}],"twitter_card":"summary_large_image","twitter_misc":{"Est. reading time":"13 minutes"},"schema":{"@context":"https:\/\/schema.org","@graph":[{"@type":"WebPage","@id":"https:\/\/centrolarrinaga.com\/eu\/ikastaroak\/lanbide-formazioa\/langabetuak\/ileapainketa\/","url":"https:\/\/centrolarrinaga.com\/eu\/ikastaroak\/lanbide-formazioa\/langabetuak\/ileapainketa\/","name":"Formaci\u00f3n peluquer\u00eda para desempleados - Centro Hnos Larrinaga","isPartOf":{"@id":"https:\/\/centrolarrinaga.com\/#website"},"primaryImageOfPage":{"@id":"https:\/\/centrolarrinaga.com\/eu\/ikastaroak\/lanbide-formazioa\/langabetuak\/ileapainketa\/#primaryimage"},"image":{"@id":"https:\/\/centrolarrinaga.com\/eu\/ikastaroak\/lanbide-formazioa\/langabetuak\/ileapainketa\/#primaryimage"},"thumbnailUrl":"https:\/\/centrolarrinaga.com\/wp-content\/uploads\/2021\/06\/lanbide-desempleados-peluqueria.jpg","datePublished":"2021-05-24T16:26:31+00:00","dateModified":"2022-03-21T09:06:33+00:00","description":"Formaci\u00f3n peluquer\u00eda para desempleados en Bilbao. Ap\u00fantate a los cursos de peluquer\u00eda 100% Subvencionados para personas desempleadas.","breadcrumb":{"@id":"https:\/\/centrolarrinaga.com\/eu\/ikastaroak\/lanbide-formazioa\/langabetuak\/ileapainketa\/#breadcrumb"},"inLanguage":"eu-ES","potentialAction":[{"@type":"ReadAction","target":["https:\/\/centrolarrinaga.com\/eu\/ikastaroak\/lanbide-formazioa\/langabetuak\/ileapainketa\/"]}]},{"@type":"ImageObject","inLanguage":"eu-ES","@id":"https:\/\/centrolarrinaga.com\/eu\/ikastaroak\/lanbide-formazioa\/langabetuak\/ileapainketa\/#primaryimage","url":"https:\/\/centrolarrinaga.com\/wp-content\/uploads\/2021\/06\/lanbide-desempleados-peluqueria.jpg","contentUrl":"https:\/\/centrolarrinaga.com\/wp-content\/uploads\/2021\/06\/lanbide-desempleados-peluqueria.jpg","width":787,"height":750,"caption":"Lanbide desempleados peluquer\u00eda"},{"@type":"BreadcrumbList","@id":"https:\/\/centrolarrinaga.com\/eu\/ikastaroak\/lanbide-formazioa\/langabetuak\/ileapainketa\/#breadcrumb","itemListElement":[{"@type":"ListItem","position":1,"name":"Portada","item":"https:\/\/centrolarrinaga.com\/eu\/"},{"@type":"ListItem","position":2,"name":"Ikastaroak","item":"https:\/\/centrolarrinaga.com\/eu\/ikastaroak\/"},{"@type":"ListItem","position":3,"name":"Lanbide Formazioa","item":"https:\/\/centrolarrinaga.com\/eu\/ikastaroak\/lanbide-formazioa\/"},{"@type":"ListItem","position":4,"name":"Lanbide langabetuak","item":"https:\/\/centrolarrinaga.com\/eu\/ikastaroak\/lanbide-formazioa\/langabetuak\/"},{"@type":"ListItem","position":5,"name":"Ileapainketa"}]},{"@type":"WebSite","@id":"https:\/\/centrolarrinaga.com\/#website","url":"https:\/\/centrolarrinaga.com\/","name":"Centro de Peluquer\u00eda y Est\u00e9tica Hnos. Larrinaga","description":"Cursos de peluquer\u00eda y est\u00e9tica en Bilbao","potentialAction":[{"@type":"SearchAction","target":{"@type":"EntryPoint","urlTemplate":"https:\/\/centrolarrinaga.com\/?s={search_term_string}"},"query-input":{"@type":"PropertyValueSpecification","valueRequired":true,"valueName":"search_term_string"}}],"inLanguage":"eu-ES"}]}},"_links":{"self":[{"href":"https:\/\/centrolarrinaga.com\/eu\/wp-json\/wp\/v2\/pages\/4114","targetHints":{"allow":["GET"]}}],"collection":[{"href":"https:\/\/centrolarrinaga.com\/eu\/wp-json\/wp\/v2\/pages"}],"about":[{"href":"https:\/\/centrolarrinaga.com\/eu\/wp-json\/wp\/v2\/types\/page"}],"author":[{"embeddable":true,"href":"https:\/\/centrolarrinaga.com\/eu\/wp-json\/wp\/v2\/users\/1"}],"replies":[{"embeddable":true,"href":"https:\/\/centrolarrinaga.com\/eu\/wp-json\/wp\/v2\/comments?post=4114"}],"version-history":[{"count":0,"href":"https:\/\/centrolarrinaga.com\/eu\/wp-json\/wp\/v2\/pages\/4114\/revisions"}],"up":[{"embeddable":true,"href":"https:\/\/centrolarrinaga.com\/eu\/wp-json\/wp\/v2\/pages\/4098"}],"wp:featuredmedia":[{"embeddable":true,"href":"https:\/\/centrolarrinaga.com\/eu\/wp-json\/wp\/v2\/media\/3541"}],"wp:attachment":[{"href":"https:\/\/centrolarrinaga.com\/eu\/wp-json\/wp\/v2\/media?parent=4114"}],"curies":[{"name":"wp","href":"https:\/\/api.w.org\/{rel}","templated":true}]}}